{"id":3,"date":"2022-07-20T06:20:03","date_gmt":"2022-07-20T06:20:03","guid":{"rendered":"https:\/\/brillen-boutique.lu\/wordpress\/?page_id=3"},"modified":"2025-03-27T16:37:19","modified_gmt":"2025-03-27T16:37:19","slug":"impressum","status":"publish","type":"page","link":"https:\/\/brillen-boutique.lu\/wordpress\/index.php\/impressum\/","title":{"rendered":"Impressum"},"content":{"rendered":"\t\t<div data-elementor-type=\"wp-page\" data-elementor-id=\"3\" class=\"elementor elementor-3\" data-elementor-post-type=\"page\">\n\t\t\t\t\t\t<section class=\"elementor-section elementor-top-section elementor-element elementor-element-e9d8cf7 elementor-section-height-min-height elementor-section-boxed elementor-section-height-default elementor-section-items-middle\" data-id=\"e9d8cf7\" data-element_type=\"section\" data-settings=\"{&quot;shape_divider_top&quot;:&quot;opacity-tilt&quot;}\">\n\t\t\t\t\t<div class=\"elementor-shape elementor-shape-top\" aria-hidden=\"true\" data-negative=\"false\">\n\t\t\t<svg xmlns=\"http:\/\/www.w3.org\/2000\/svg\" viewBox=\"0 0 2600 131.1\" preserveAspectRatio=\"none\">\n\t<path class=\"elementor-shape-fill\" d=\"M0 0L2600 0 2600 69.1 0 0z\"\/>\n\t<path class=\"elementor-shape-fill\" style=\"opacity:0.5\" d=\"M0 0L2600 0 2600 69.1 0 69.1z\"\/>\n\t<path class=\"elementor-shape-fill\" style=\"opacity:0.25\" d=\"M2600 0L0 0 0 130.1 2600 69.1z\"\/>\n<\/svg>\t\t<\/div>\n\t\t\t\t\t<div class=\"elementor-container elementor-column-gap-default\">\n\t\t\t\t\t<div class=\"elementor-column elementor-col-16 elementor-top-column elementor-element elementor-element-597e3eb\" data-id=\"597e3eb\" data-element_type=\"column\">\n\t\t\t<div class=\"elementor-widget-wrap elementor-element-populated\">\n\t\t\t\t\t\t<div class=\"elementor-element elementor-element-18da4f7 elementor-widget elementor-widget-image\" data-id=\"18da4f7\" data-element_type=\"widget\" data-widget_type=\"image.default\">\n\t\t\t\t<div class=\"elementor-widget-container\">\n\t\t\t\t\t\t\t\t\t\t\t\t\t\t\t<img decoding=\"async\" width=\"300\" height=\"104\" src=\"https:\/\/brillen-boutique.lu\/wordpress\/wp-content\/uploads\/2022\/11\/BrillenBoutique_white_PNG-300x104.png\" class=\"attachment-medium size-medium wp-image-425\" alt=\"\" srcset=\"https:\/\/brillen-boutique.lu\/wordpress\/wp-content\/uploads\/2022\/11\/BrillenBoutique_white_PNG-300x104.png 300w, https:\/\/brillen-boutique.lu\/wordpress\/wp-content\/uploads\/2022\/11\/BrillenBoutique_white_PNG-1024x356.png 1024w, https:\/\/brillen-boutique.lu\/wordpress\/wp-content\/uploads\/2022\/11\/BrillenBoutique_white_PNG-768x267.png 768w, https:\/\/brillen-boutique.lu\/wordpress\/wp-content\/uploads\/2022\/11\/BrillenBoutique_white_PNG-1536x535.png 1536w, https:\/\/brillen-boutique.lu\/wordpress\/wp-content\/uploads\/2022\/11\/BrillenBoutique_white_PNG-2048x713.png 2048w, https:\/\/brillen-boutique.lu\/wordpress\/wp-content\/uploads\/2022\/11\/BrillenBoutique_white_PNG-2000x696.png 2000w, https:\/\/brillen-boutique.lu\/wordpress\/wp-content\/uploads\/2022\/11\/BrillenBoutique_white_PNG-600x209.png 600w, https:\/\/brillen-boutique.lu\/wordpress\/wp-content\/uploads\/2022\/11\/BrillenBoutique_white_PNG-1200x418.png 1200w\" sizes=\"100vw\" \/>\t\t\t\t\t\t\t\t\t\t\t\t\t\t\t<\/div>\n\t\t\t\t<\/div>\n\t\t\t\t\t<\/div>\n\t\t<\/div>\n\t\t\t\t<div class=\"elementor-column elementor-col-66 elementor-top-column elementor-element elementor-element-84e29f8\" data-id=\"84e29f8\" data-element_type=\"column\">\n\t\t\t<div class=\"elementor-widget-wrap elementor-element-populated\">\n\t\t\t\t\t\t<div class=\"elementor-element elementor-element-aabe01b elementor-nav-menu--dropdown-tablet elementor-nav-menu__text-align-aside elementor-nav-menu--toggle elementor-nav-menu--burger elementor-widget elementor-widget-nav-menu\" data-id=\"aabe01b\" data-element_type=\"widget\" data-settings=\"{&quot;layout&quot;:&quot;horizontal&quot;,&quot;submenu_icon&quot;:{&quot;value&quot;:&quot;&lt;i class=\\&quot;fas fa-caret-down\\&quot;&gt;&lt;\\\/i&gt;&quot;,&quot;library&quot;:&quot;fa-solid&quot;},&quot;toggle&quot;:&quot;burger&quot;}\" data-widget_type=\"nav-menu.default\">\n\t\t\t\t<div class=\"elementor-widget-container\">\n\t\t\t\t\t\t\t\t<nav aria-label=\"Men\u00fc\" class=\"elementor-nav-menu--main elementor-nav-menu__container elementor-nav-menu--layout-horizontal e--pointer-text e--animation-grow\">\n\t\t\t\t<ul id=\"menu-1-aabe01b\" class=\"elementor-nav-menu\"><li class=\"menu-item menu-item-type-custom menu-item-object-custom menu-item-home menu-item-406\"><a href=\"https:\/\/brillen-boutique.lu\/wordpress\/#ueberuns\" class=\"elementor-item elementor-item-anchor\">\u00dcBER UNS<\/a><\/li>\n<li class=\"menu-item menu-item-type-custom menu-item-object-custom menu-item-home menu-item-407\"><a href=\"https:\/\/brillen-boutique.lu\/wordpress\/#service\" class=\"elementor-item elementor-item-anchor\">UNSER SERVICE<\/a><\/li>\n<li class=\"menu-item menu-item-type-custom menu-item-object-custom menu-item-home menu-item-408\"><a href=\"https:\/\/brillen-boutique.lu\/wordpress\/#kontakt\" class=\"elementor-item elementor-item-anchor\">KONTAKT<\/a><\/li>\n<li class=\"menu-item menu-item-type-custom menu-item-object-custom menu-item-home menu-item-1233\"><a href=\"https:\/\/brillen-boutique.lu\/wordpress\/#termin\" class=\"elementor-item elementor-item-anchor\">TERMIN ANFRAGEN<\/a><\/li>\n<\/ul>\t\t\t<\/nav>\n\t\t\t\t\t<div class=\"elementor-menu-toggle\" role=\"button\" tabindex=\"0\" aria-label=\"Menu Toggle\" aria-expanded=\"false\">\n\t\t\t<i aria-hidden=\"true\" role=\"presentation\" class=\"elementor-menu-toggle__icon--open eicon-menu-bar\"><\/i><i aria-hidden=\"true\" role=\"presentation\" class=\"elementor-menu-toggle__icon--close eicon-close\"><\/i>\t\t<\/div>\n\t\t\t\t\t<nav class=\"elementor-nav-menu--dropdown elementor-nav-menu__container\" aria-hidden=\"true\">\n\t\t\t\t<ul id=\"menu-2-aabe01b\" class=\"elementor-nav-menu\"><li class=\"menu-item menu-item-type-custom menu-item-object-custom menu-item-home menu-item-406\"><a href=\"https:\/\/brillen-boutique.lu\/wordpress\/#ueberuns\" class=\"elementor-item elementor-item-anchor\" tabindex=\"-1\">\u00dcBER UNS<\/a><\/li>\n<li class=\"menu-item menu-item-type-custom menu-item-object-custom menu-item-home menu-item-407\"><a href=\"https:\/\/brillen-boutique.lu\/wordpress\/#service\" class=\"elementor-item elementor-item-anchor\" tabindex=\"-1\">UNSER SERVICE<\/a><\/li>\n<li class=\"menu-item menu-item-type-custom menu-item-object-custom menu-item-home menu-item-408\"><a href=\"https:\/\/brillen-boutique.lu\/wordpress\/#kontakt\" class=\"elementor-item elementor-item-anchor\" tabindex=\"-1\">KONTAKT<\/a><\/li>\n<li class=\"menu-item menu-item-type-custom menu-item-object-custom menu-item-home menu-item-1233\"><a href=\"https:\/\/brillen-boutique.lu\/wordpress\/#termin\" class=\"elementor-item elementor-item-anchor\" tabindex=\"-1\">TERMIN ANFRAGEN<\/a><\/li>\n<\/ul>\t\t\t<\/nav>\n\t\t\t\t\t\t<\/div>\n\t\t\t\t<\/div>\n\t\t\t\t\t<\/div>\n\t\t<\/div>\n\t\t\t\t<div class=\"elementor-column elementor-col-16 elementor-top-column elementor-element elementor-element-519a9da\" data-id=\"519a9da\" data-element_type=\"column\">\n\t\t\t<div class=\"elementor-widget-wrap elementor-element-populated\">\n\t\t\t\t\t\t<div class=\"elementor-element elementor-element-8789d79 elementor-grid-2 e-grid-align-mobile-center elementor-shape-rounded e-grid-align-center elementor-widget elementor-widget-social-icons\" data-id=\"8789d79\" data-element_type=\"widget\" data-widget_type=\"social-icons.default\">\n\t\t\t\t<div class=\"elementor-widget-container\">\n\t\t\t\t\t\t\t<div class=\"elementor-social-icons-wrapper elementor-grid\" role=\"list\">\n\t\t\t\t\t\t\t<span class=\"elementor-grid-item\" role=\"listitem\">\n\t\t\t\t\t<a class=\"elementor-icon elementor-social-icon elementor-social-icon-facebook elementor-animation-grow elementor-repeater-item-613f283\" href=\"https:\/\/www.facebook.com\/BrillenBoutique.lu\" target=\"_blank\">\n\t\t\t\t\t\t<span class=\"elementor-screen-only\">Facebook<\/span>\n\t\t\t\t\t\t<i class=\"fab fa-facebook\"><\/i>\t\t\t\t\t<\/a>\n\t\t\t\t<\/span>\n\t\t\t\t\t\t\t<span class=\"elementor-grid-item\" role=\"listitem\">\n\t\t\t\t\t<a class=\"elementor-icon elementor-social-icon elementor-social-icon-instagram elementor-animation-grow elementor-repeater-item-d77e326\" href=\"https:\/\/www.instagram.com\/brillen_boutique\/\" target=\"_blank\">\n\t\t\t\t\t\t<span class=\"elementor-screen-only\">Instagram<\/span>\n\t\t\t\t\t\t<i class=\"fab fa-instagram\"><\/i>\t\t\t\t\t<\/a>\n\t\t\t\t<\/span>\n\t\t\t\t\t<\/div>\n\t\t\t\t\t\t<\/div>\n\t\t\t\t<\/div>\n\t\t\t\t\t<\/div>\n\t\t<\/div>\n\t\t\t\t\t<\/div>\n\t\t<\/section>\n\t\t\t\t<section class=\"elementor-section elementor-top-section elementor-element elementor-element-85492f6 elementor-section-boxed elementor-section-height-default elementor-section-height-default\" data-id=\"85492f6\" data-element_type=\"section\">\n\t\t\t\t\t\t<div class=\"elementor-container elementor-column-gap-default\">\n\t\t\t\t\t<div class=\"elementor-column elementor-col-100 elementor-top-column elementor-element elementor-element-64e5809\" data-id=\"64e5809\" data-element_type=\"column\">\n\t\t\t<div class=\"elementor-widget-wrap elementor-element-populated\">\n\t\t\t\t\t\t<div class=\"elementor-element elementor-element-9eb1383 elementor-widget elementor-widget-spacer\" data-id=\"9eb1383\" data-element_type=\"widget\" data-widget_type=\"spacer.default\">\n\t\t\t\t<div class=\"elementor-widget-container\">\n\t\t\t\t\t\t\t<div class=\"elementor-spacer\">\n\t\t\t<div class=\"elementor-spacer-inner\"><\/div>\n\t\t<\/div>\n\t\t\t\t\t\t<\/div>\n\t\t\t\t<\/div>\n\t\t\t\t\t<\/div>\n\t\t<\/div>\n\t\t\t\t\t<\/div>\n\t\t<\/section>\n\t\t\t\t<section class=\"elementor-section elementor-top-section elementor-element elementor-element-aece784 elementor-section-full_width elementor-section-height-default elementor-section-height-default\" data-id=\"aece784\" data-element_type=\"section\" data-settings=\"{&quot;animation&quot;:&quot;none&quot;}\">\n\t\t\t\t\t\t<div class=\"elementor-container elementor-column-gap-default\">\n\t\t\t\t\t<div class=\"elementor-column elementor-col-100 elementor-top-column elementor-element elementor-element-2c19c8a\" data-id=\"2c19c8a\" data-element_type=\"column\">\n\t\t\t<div class=\"elementor-widget-wrap elementor-element-populated\">\n\t\t\t\t\t\t<div class=\"elementor-element elementor-element-2397797 elementor-invisible elementor-widget elementor-widget-heading\" data-id=\"2397797\" data-element_type=\"widget\" data-settings=\"{&quot;_animation&quot;:&quot;zoomIn&quot;}\" data-widget_type=\"heading.default\">\n\t\t\t\t<div class=\"elementor-widget-container\">\n\t\t\t\t\t<h1 class=\"elementor-heading-title elementor-size-default\">IMPRESSUM<\/h1>\t\t\t\t<\/div>\n\t\t\t\t<\/div>\n\t\t\t\t\t<\/div>\n\t\t<\/div>\n\t\t\t\t\t<\/div>\n\t\t<\/section>\n\t\t\t\t<section class=\"elementor-section elementor-top-section elementor-element elementor-element-73740b5b elementor-section-boxed elementor-section-height-default elementor-section-height-default\" data-id=\"73740b5b\" data-element_type=\"section\">\n\t\t\t\t\t\t<div class=\"elementor-container elementor-column-gap-default\">\n\t\t\t\t\t<div class=\"elementor-column elementor-col-100 elementor-top-column elementor-element elementor-element-40cea28a\" data-id=\"40cea28a\" data-element_type=\"column\">\n\t\t\t<div class=\"elementor-widget-wrap elementor-element-populated\">\n\t\t\t\t\t\t<div class=\"elementor-element elementor-element-3f7c128d elementor-widget elementor-widget-text-editor\" data-id=\"3f7c128d\" data-element_type=\"widget\" data-widget_type=\"text-editor.default\">\n\t\t\t\t<div class=\"elementor-widget-container\">\n\t\t\t\t\t\t\t\t\t<p><\/p>\n<h3 class=\"wp-block-heading\"><strong style=\"color: #ffffff; font-size: 1.5rem;\">\u00a0<\/strong><\/h3>\n<h3><strong style=\"color: #ffffff; font-size: 1.5rem;\">ANGABEN GEM\u00c4SS \u00a7 5 TMG<\/strong><\/h3>\n<p>\u00a0<\/p>\n<p><strong>Anbieter<\/strong><\/p>\n<p>Brillen Boutique S.a.r.L<\/p>\n<p>Valerica Preda &#8211;\u00a0Augenoptikermeisterin<\/p>\n<p>8, Letzebuergerstrooss<\/p>\n<p>L-5752 Frisange<\/p>\n<p>Tel\u00a0: 00352-26 67 27 84<\/p>\n<p>Fax: 00352-26 67 27 85<\/p>\n<p>Web: www.brillen-boutique.lu<\/p>\n<p>\u00a0<\/p>\n<p><strong>Kontakt<\/strong><\/p>\n<p>E-Mail<strong><span style=\"color: #ffffff;\">:<a style=\"color: #ffffff;\" href=\"mailto:email@brillen-boutique.lu\">\u00a0email@brillen-boutique.lu<\/a><\/span><\/strong><\/p>\n<p>\u00a0<\/p>\n<p><strong>\u00a0<\/strong><\/p>\n<p><strong>Entwicklung und Design<\/strong><\/p>\n<p>Peter Plein<\/p>\n<p>Mediengestalter Bild und Ton<br \/>Kochsm\u00fchle 1<br \/>54459 Wiltingen<\/p>\n<p>\u00a0<\/p>\n<p><strong>Haftungsausschluss<\/strong><\/p>\n<p>\u00a0<\/p>\n<p><strong>Haftung f\u00fcr Inhalte<\/strong><\/p>\n<p>Die Inhalte unserer Seiten wurden mit gr\u00f6\u00dfter Sorgfalt erstellt. F\u00fcr die Richtigkeit, Vollst\u00e4ndigkeit und Aktualit\u00e4t der Inhalte k\u00f6nnen wir jedoch keine Gew\u00e4hr \u00fcbernehmen. Als Diensteanbieter sind wir gem\u00e4\u00df \u00a7 7 Abs.1 TMG f\u00fcr eigene Inhalte auf diesen Seiten nach den allgemeinen Gesetzen verantwortlich. Nach \u00a7\u00a7 8 bis 10 TMG sind wir als Diensteanbieter jedoch nicht verpflichtet, \u00fcbermittelte oder gespeicherte fremde Informationen zu \u00fcberwachen oder nach Umst\u00e4nden zu forschen, die auf eine rechtswidrige T\u00e4tigkeit hinweisen. Verpflichtungen zur Entfernung oder Sperrung der Nutzung von Informationen nach den allgemeinen Gesetzen bleiben hiervon unber\u00fchrt. Eine diesbez\u00fcgliche Haftung ist jedoch erst ab dem Zeitpunkt der Kenntnis einer konkreten Rechtsverletzung m\u00f6glich. Bei Bekanntwerden von entsprechenden Rechtsverletzungen werden wir diese Inhalte umgehend entfernen.<\/p>\n<p>\u00a0<\/p>\n<p><strong>Haftung f\u00fcr Links<\/strong><\/p>\n<p>Unser Angebot enth\u00e4lt Links zu externen Webseiten Dritter, auf deren Inhalte wir keinen Einfluss haben. Deshalb k\u00f6nnen wir f\u00fcr diese fremden Inhalte auch keine Gew\u00e4hr \u00fcbernehmen. F\u00fcr die Inhalte der verlinkten Seiten ist stets der jeweilige Anbieter oder Betreiber der Seiten verantwortlich. Die verlinkten Seiten wurden zum Zeitpunkt der Verlinkung auf m\u00f6gliche Rechtsverst\u00f6\u00dfe \u00fcberpr\u00fcft. Rechtswidrige Inhalte waren zum Zeitpunkt der Verlinkung nicht erkennbar. Eine permanente inhaltliche Kontrolle der verlinkten Seiten ist jedoch ohne konkrete Anhaltspunkte einer Rechtsverletzung nicht zumutbar. Bei Bekanntwerden von Rechtsverletzungen werden wir derartige Links umgehend entfernen.<\/p>\n<p>\u00a0<\/p>\n<p><strong>Urheberrecht<\/strong><\/p>\n<p>Die durch die Seitenbetreiber erstellten Inhalte und Werke auf diesen Seiten unterliegen dem deutschen Urheberrecht. Die Vervielf\u00e4ltigung, Bearbeitung, Verbreitung und jede Art der Verwertung au\u00dferhalb der Grenzen des Urheberrechtes bed\u00fcrfen der schriftlichen Zustimmung des jeweiligen Autors bzw. Erstellers. Downloads und Kopien dieser Seite sind nur f\u00fcr den privaten, nicht kommerziellen Gebrauch gestattet. Soweit die Inhalte auf dieser Seite nicht vom Betreiber erstellt wurden, werden die Urheberrechte Dritter beachtet. Insbesondere werden Inhalte Dritter als solche gekennzeichnet. Sollten Sie trotzdem auf eine Urheberrechtsverletzung aufmerksam werden, bitten wir um einen entsprechenden Hinweis. Bei Bekanntwerden von Rechtsverletzungen werden wir derartige Inhalte umgehend entfernen.<\/p>\n<p>\u00a0<\/p>\n<p><strong>Datenschutz<\/strong><\/p>\n<p>Die Nutzung unserer Website ist in der Regel ohne Angabe personenbezogener Daten m\u00f6glich. Soweit auf unseren Seiten personenbezogene Daten (beispielsweise Name, Anschrift oder E-Mail-Adressen) erhoben werden, erfolgt dies, soweit m\u00f6glich, stets auf freiwilliger Basis. Diese Daten werden ohne Ihre ausdr\u00fcckliche Zustimmung nicht an Dritte weitergegeben. Wir weisen darauf hin, dass die Daten\u00fcbertragung im Internet (z.B. bei der Kommunikation per E-Mail) Sicherheitsl\u00fccken aufweisen kann. Ein l\u00fcckenloser Schutz der Daten vor dem Zugriff durch Dritte ist nicht m\u00f6glich. Der Nutzung von im Rahmen der Impressumspflicht ver\u00f6ffentlichten Kontaktdaten durch Dritte zur \u00dcbersendung von nicht ausdr\u00fccklich angeforderter Werbung und Informationsmaterialien wird hiermit ausdr\u00fccklich widersprochen. Die Betreiber der Seiten behalten sich ausdr\u00fccklich rechtliche Schritte im Falle der unverlangten Zusendung von Werbeinformationen, etwa durch Spam-Mails, vor.<\/p>\n<p>\u00a0<\/p>\n<p><strong>Google Analytics<\/strong><\/p>\n<p>Diese Website benutzt Google Analytics, einen Webanalysedienst der Google Inc. (\u201cGoogle\u201c). Google Analytics verwendet sog. \u201cCookies\u201c, Textdateien, die auf Ihrem Computer gespeichert werden und die eine Analyse der Benutzung der Website durch Sie erm\u00f6glicht. Die durch den Cookie erzeugten Informationen \u00fcber Ihre Benutzung dieser Website (einschlie\u00dflich Ihrer IP-Adresse) wird an einen Server von Google in den USA \u00fcbertragen und dort gespeichert. Google wird diese Informationen benutzen, um Ihre Nutzung der Website auszuwerten, um Reports \u00fcber die Websiteaktivit\u00e4ten f\u00fcr die Websitebetreiber zusammenzustellen und um weitere mit der Websitenutzung und der Internetnutzung verbundene Dienstleistungen zu erbringen. Auch wird Google diese Informationen gegebenenfalls an Dritte \u00fcbertragen, sofern dies gesetzlich vorgeschrieben oder soweit Dritte diese Daten im Auftrag von Google verarbeiten. Google wird in keinem Fall Ihre IP-Adresse mit anderen Daten von Google in Verbindung bringen. Sie k\u00f6nnen die Installation der Cookies durch eine entsprechende Einstellung Ihrer Browser Software verhindern; wir weisen Sie jedoch darauf hin, dass Sie in diesem Fall gegebenenfalls nicht s\u00e4mtliche Funktionen dieser Website voll umf\u00e4nglich nutzen k\u00f6nnen. Durch die Nutzung dieser Website erkl\u00e4ren Sie sich mit der Bearbeitung der \u00fcber Sie erhobenen Daten durch Google in der zuvor beschriebenen Art und Weise und zu dem zuvor benannten Zweck einverstanden.<\/p>\n<p><\/p>\t\t\t\t\t\t\t\t<\/div>\n\t\t\t\t<\/div>\n\t\t\t\t\t<\/div>\n\t\t<\/div>\n\t\t\t\t\t<\/div>\n\t\t<\/section>\n\t\t\t\t<section class=\"elementor-section elementor-top-section elementor-element elementor-element-484b70c elementor-section-boxed elementor-section-height-default elementor-section-height-default\" data-id=\"484b70c\" data-element_type=\"section\">\n\t\t\t\t\t\t<div class=\"elementor-container elementor-column-gap-default\">\n\t\t\t\t\t<div class=\"elementor-column elementor-col-100 elementor-top-column elementor-element elementor-element-ef04278\" data-id=\"ef04278\" data-element_type=\"column\">\n\t\t\t<div class=\"elementor-widget-wrap elementor-element-populated\">\n\t\t\t\t\t\t<div class=\"elementor-element elementor-element-da80c5b elementor-widget elementor-widget-spacer\" data-id=\"da80c5b\" data-element_type=\"widget\" data-widget_type=\"spacer.default\">\n\t\t\t\t<div class=\"elementor-widget-container\">\n\t\t\t\t\t\t\t<div class=\"elementor-spacer\">\n\t\t\t<div class=\"elementor-spacer-inner\"><\/div>\n\t\t<\/div>\n\t\t\t\t\t\t<\/div>\n\t\t\t\t<\/div>\n\t\t\t\t\t<\/div>\n\t\t<\/div>\n\t\t\t\t\t<\/div>\n\t\t<\/section>\n\t\t\t\t<section class=\"elementor-section elementor-top-section elementor-element elementor-element-5df8544 elementor-section-boxed elementor-section-height-default elementor-section-height-default\" data-id=\"5df8544\" data-element_type=\"section\">\n\t\t\t\t\t\t<div class=\"elementor-container elementor-column-gap-default\">\n\t\t\t\t\t<div class=\"elementor-column elementor-col-100 elementor-top-column elementor-element elementor-element-6cec48f\" data-id=\"6cec48f\" data-element_type=\"column\">\n\t\t\t<div class=\"elementor-widget-wrap elementor-element-populated\">\n\t\t\t\t\t\t<div class=\"elementor-element elementor-element-aa7f6c4 elementor-widget elementor-widget-text-editor\" data-id=\"aa7f6c4\" data-element_type=\"widget\" data-widget_type=\"text-editor.default\">\n\t\t\t\t<div class=\"elementor-widget-container\">\n\t\t\t\t\t\t\t\t\t<p style=\"text-align: center;\"><span style=\"color: #ffffff;\"><a style=\"color: #ffffff;\" href=\"#top\"><strong>BRILLEN BOUTIQUE<\/strong><\/a> &nbsp; | &nbsp;<\/span><em><span style=\"color: var( --e-global-color-text ); font-family: var( --e-global-typography-text-font-family ), Sans-serif; background-color: var( --e-global-color-primary );\">PERS\u00d6NLICHKEIT BEGINNT MIT DEINER BRILLE \u263a<\/span><\/em><span style=\"color: var( --e-global-color-text ); font-family: var( --e-global-typography-text-font-family ), Sans-serif; background-color: var( --e-global-color-primary );\">&nbsp; &nbsp;<\/span><span style=\"font-family: var( --e-global-typography-text-font-family ), Sans-serif; background-color: var( --e-global-color-primary );\">| &nbsp; 2025 &nbsp; | &nbsp;&nbsp;<\/span><strong><a style=\"font-family: var( --e-global-typography-text-font-family ), Sans-serif; color: #ffffff;\" href=\"https:\/\/brillen-boutique.lu\/wordpress\/index.php\/impressum\">IMPRESSUM<\/a><\/strong><span style=\"font-family: var( --e-global-typography-text-font-family ), Sans-serif; background-color: var( --e-global-color-primary );\"><strong>&nbsp; &nbsp;<\/strong>| &nbsp; <a href=\"https:\/\/brillen-boutique.lu\/wordpress\/index.php\/datenschutz\"><span style=\"color: #ffffff;\"><strong>DATENSCHUTZ<\/strong><\/span><\/a><\/span><\/p>\t\t\t\t\t\t\t\t<\/div>\n\t\t\t\t<\/div>\n\t\t\t\t\t<\/div>\n\t\t<\/div>\n\t\t\t\t\t<\/div>\n\t\t<\/section>\n\t\t\t\t<section class=\"elementor-section elementor-top-section elementor-element elementor-element-38dd1ae elementor-section-boxed elementor-section-height-default elementor-section-height-default\" data-id=\"38dd1ae\" data-element_type=\"section\" data-settings=\"{&quot;shape_divider_bottom&quot;:&quot;opacity-tilt&quot;}\">\n\t\t\t\t\t<div class=\"elementor-shape elementor-shape-bottom\" aria-hidden=\"true\" data-negative=\"false\">\n\t\t\t<svg xmlns=\"http:\/\/www.w3.org\/2000\/svg\" viewBox=\"0 0 2600 131.1\" preserveAspectRatio=\"none\">\n\t<path class=\"elementor-shape-fill\" d=\"M0 0L2600 0 2600 69.1 0 0z\"\/>\n\t<path class=\"elementor-shape-fill\" style=\"opacity:0.5\" d=\"M0 0L2600 0 2600 69.1 0 69.1z\"\/>\n\t<path class=\"elementor-shape-fill\" style=\"opacity:0.25\" d=\"M2600 0L0 0 0 130.1 2600 69.1z\"\/>\n<\/svg>\t\t<\/div>\n\t\t\t\t\t<div class=\"elementor-container elementor-column-gap-default\">\n\t\t\t\t\t<div class=\"elementor-column elementor-col-100 elementor-top-column elementor-element elementor-element-852c3b7\" data-id=\"852c3b7\" data-element_type=\"column\">\n\t\t\t<div class=\"elementor-widget-wrap elementor-element-populated\">\n\t\t\t\t\t\t<div class=\"elementor-element elementor-element-d9f6043 elementor-widget elementor-widget-spacer\" data-id=\"d9f6043\" data-element_type=\"widget\" data-widget_type=\"spacer.default\">\n\t\t\t\t<div class=\"elementor-widget-container\">\n\t\t\t\t\t\t\t<div class=\"elementor-spacer\">\n\t\t\t<div class=\"elementor-spacer-inner\"><\/div>\n\t\t<\/div>\n\t\t\t\t\t\t<\/div>\n\t\t\t\t<\/div>\n\t\t\t\t\t<\/div>\n\t\t<\/div>\n\t\t\t\t\t<\/div>\n\t\t<\/section>\n\t\t\t\t<\/div>\n\t\t","protected":false},"excerpt":{"rendered":"<p>Facebook Instagram IMPRESSUM \u00a0 ANGABEN GEM\u00c4SS \u00a7 5 TMG \u00a0 Anbieter Brillen Boutique S.a.r.L Valerica Preda &#8211;\u00a0Augenoptikermeisterin 8, Letzebuergerstrooss L-5752 Frisange Tel\u00a0: 00352-26 67 27 84 Fax: 00352-26 67 27 85 Web: www.brillen-boutique.lu \u00a0 Kontakt E-Mail:\u00a0email@brillen-boutique.lu \u00a0 \u00a0 Entwicklung und Design Peter Plein Mediengestalter Bild und TonKochsm\u00fchle 154459 Wiltingen \u00a0 Haftungsausschluss \u00a0 Haftung f\u00fcr Inhalte &hellip; <\/p>\n<p class=\"link-more\"><a href=\"https:\/\/brillen-boutique.lu\/wordpress\/index.php\/impressum\/\" class=\"more-link\">Mehr <span class=\"screen-reader-text\">\u00fcber &#8222;Impressum&#8220; <\/span>Lesen<\/a><\/p>\n","protected":false},"author":1,"featured_media":0,"parent":0,"menu_order":0,"comment_status":"closed","ping_status":"closed","template":"elementor_canvas","meta":{"footnotes":""},"class_list":["post-3","page","type-page","status-publish","hentry"],"yoast_head":"<!-- This site is optimized with the Yoast SEO plugin v25.1 - https:\/\/yoast.com\/wordpress\/plugins\/seo\/ -->\n<title>Impressum - Brillen Boutique<\/title>\n<meta name=\"robots\" content=\"index, follow, max-snippet:-1, max-image-preview:large, max-video-preview:-1\" \/>\n<link rel=\"canonical\" href=\"https:\/\/brillen-boutique.lu\/wordpress\/index.php\/impressum\/\" \/>\n<meta property=\"og:locale\" content=\"de_DE\" \/>\n<meta property=\"og:type\" content=\"article\" \/>\n<meta property=\"og:title\" content=\"Impressum - Brillen Boutique\" \/>\n<meta property=\"og:description\" content=\"Facebook Instagram IMPRESSUM \u00a0 ANGABEN GEM\u00c4SS \u00a7 5 TMG \u00a0 Anbieter Brillen Boutique S.a.r.L Valerica Preda &#8211;\u00a0Augenoptikermeisterin 8, Letzebuergerstrooss L-5752 Frisange Tel\u00a0: 00352-26 67 27 84 Fax: 00352-26 67 27 85 Web: www.brillen-boutique.lu \u00a0 Kontakt E-Mail:\u00a0email@brillen-boutique.lu \u00a0 \u00a0 Entwicklung und Design Peter Plein Mediengestalter Bild und TonKochsm\u00fchle 154459 Wiltingen \u00a0 Haftungsausschluss \u00a0 Haftung f\u00fcr Inhalte &hellip; Mehr \u00fcber &quot;Impressum&quot; Lesen\" \/>\n<meta property=\"og:url\" content=\"https:\/\/brillen-boutique.lu\/wordpress\/index.php\/impressum\/\" \/>\n<meta property=\"og:site_name\" content=\"Brillen Boutique\" \/>\n<meta property=\"article:publisher\" content=\"https:\/\/www.facebook.com\/BrillenBoutique.lu\" \/>\n<meta property=\"article:modified_time\" content=\"2025-03-27T16:37:19+00:00\" \/>\n<meta property=\"og:image\" content=\"https:\/\/brillen-boutique.lu\/wordpress\/wp-content\/uploads\/2022\/11\/BrillenBoutique_white_PNG.png\" \/>\n\t<meta property=\"og:image:width\" content=\"2652\" \/>\n\t<meta property=\"og:image:height\" content=\"923\" \/>\n\t<meta property=\"og:image:type\" content=\"image\/png\" \/>\n<meta name=\"twitter:card\" content=\"summary_large_image\" \/>\n<meta name=\"twitter:label1\" content=\"Gesch\u00e4tzte Lesezeit\" \/>\n\t<meta name=\"twitter:data1\" content=\"5\u00a0Minuten\" \/>\n<script type=\"application\/ld+json\" class=\"yoast-schema-graph\">{\"@context\":\"https:\/\/schema.org\",\"@graph\":[{\"@type\":\"WebPage\",\"@id\":\"https:\/\/brillen-boutique.lu\/wordpress\/index.php\/impressum\/\",\"url\":\"https:\/\/brillen-boutique.lu\/wordpress\/index.php\/impressum\/\",\"name\":\"Impressum - Brillen Boutique\",\"isPartOf\":{\"@id\":\"https:\/\/brillen-boutique.lu\/wordpress\/#website\"},\"primaryImageOfPage\":{\"@id\":\"https:\/\/brillen-boutique.lu\/wordpress\/index.php\/impressum\/#primaryimage\"},\"image\":{\"@id\":\"https:\/\/brillen-boutique.lu\/wordpress\/index.php\/impressum\/#primaryimage\"},\"thumbnailUrl\":\"https:\/\/brillen-boutique.lu\/wordpress\/wp-content\/uploads\/2022\/11\/BrillenBoutique_white_PNG-300x104.png\",\"datePublished\":\"2022-07-20T06:20:03+00:00\",\"dateModified\":\"2025-03-27T16:37:19+00:00\",\"breadcrumb\":{\"@id\":\"https:\/\/brillen-boutique.lu\/wordpress\/index.php\/impressum\/#breadcrumb\"},\"inLanguage\":\"de\",\"potentialAction\":[{\"@type\":\"ReadAction\",\"target\":[\"https:\/\/brillen-boutique.lu\/wordpress\/index.php\/impressum\/\"]}]},{\"@type\":\"ImageObject\",\"inLanguage\":\"de\",\"@id\":\"https:\/\/brillen-boutique.lu\/wordpress\/index.php\/impressum\/#primaryimage\",\"url\":\"https:\/\/brillen-boutique.lu\/wordpress\/wp-content\/uploads\/2022\/11\/BrillenBoutique_white_PNG.png\",\"contentUrl\":\"https:\/\/brillen-boutique.lu\/wordpress\/wp-content\/uploads\/2022\/11\/BrillenBoutique_white_PNG.png\",\"width\":2652,\"height\":923},{\"@type\":\"BreadcrumbList\",\"@id\":\"https:\/\/brillen-boutique.lu\/wordpress\/index.php\/impressum\/#breadcrumb\",\"itemListElement\":[{\"@type\":\"ListItem\",\"position\":1,\"name\":\"Startseite\",\"item\":\"https:\/\/brillen-boutique.lu\/wordpress\/\"},{\"@type\":\"ListItem\",\"position\":2,\"name\":\"Impressum\"}]},{\"@type\":\"WebSite\",\"@id\":\"https:\/\/brillen-boutique.lu\/wordpress\/#website\",\"url\":\"https:\/\/brillen-boutique.lu\/wordpress\/\",\"name\":\"Brillen Boutique\",\"description\":\"Pers\u00f6nlichkeit beginnt mit deiner Brille\",\"publisher\":{\"@id\":\"https:\/\/brillen-boutique.lu\/wordpress\/#organization\"},\"potentialAction\":[{\"@type\":\"SearchAction\",\"target\":{\"@type\":\"EntryPoint\",\"urlTemplate\":\"https:\/\/brillen-boutique.lu\/wordpress\/?s={search_term_string}\"},\"query-input\":{\"@type\":\"PropertyValueSpecification\",\"valueRequired\":true,\"valueName\":\"search_term_string\"}}],\"inLanguage\":\"de\"},{\"@type\":\"Organization\",\"@id\":\"https:\/\/brillen-boutique.lu\/wordpress\/#organization\",\"name\":\"Brillen Boutique\",\"url\":\"https:\/\/brillen-boutique.lu\/wordpress\/\",\"logo\":{\"@type\":\"ImageObject\",\"inLanguage\":\"de\",\"@id\":\"https:\/\/brillen-boutique.lu\/wordpress\/#\/schema\/logo\/image\/\",\"url\":\"https:\/\/brillen-boutique.lu\/wordpress\/wp-content\/uploads\/2022\/07\/fav_icon.png\",\"contentUrl\":\"https:\/\/brillen-boutique.lu\/wordpress\/wp-content\/uploads\/2022\/07\/fav_icon.png\",\"width\":800,\"height\":800,\"caption\":\"Brillen Boutique\"},\"image\":{\"@id\":\"https:\/\/brillen-boutique.lu\/wordpress\/#\/schema\/logo\/image\/\"},\"sameAs\":[\"https:\/\/www.facebook.com\/BrillenBoutique.lu\",\"https:\/\/www.instagram.com\/brillen_boutique\"]}]}<\/script>\n<!-- \/ Yoast SEO plugin. -->","yoast_head_json":{"title":"Impressum - Brillen Boutique","robots":{"index":"index","follow":"follow","max-snippet":"max-snippet:-1","max-image-preview":"max-image-preview:large","max-video-preview":"max-video-preview:-1"},"canonical":"https:\/\/brillen-boutique.lu\/wordpress\/index.php\/impressum\/","og_locale":"de_DE","og_type":"article","og_title":"Impressum - Brillen Boutique","og_description":"Facebook Instagram IMPRESSUM \u00a0 ANGABEN GEM\u00c4SS \u00a7 5 TMG \u00a0 Anbieter Brillen Boutique S.a.r.L Valerica Preda &#8211;\u00a0Augenoptikermeisterin 8, Letzebuergerstrooss L-5752 Frisange Tel\u00a0: 00352-26 67 27 84 Fax: 00352-26 67 27 85 Web: www.brillen-boutique.lu \u00a0 Kontakt E-Mail:\u00a0email@brillen-boutique.lu \u00a0 \u00a0 Entwicklung und Design Peter Plein Mediengestalter Bild und TonKochsm\u00fchle 154459 Wiltingen \u00a0 Haftungsausschluss \u00a0 Haftung f\u00fcr Inhalte &hellip; Mehr \u00fcber \"Impressum\" Lesen","og_url":"https:\/\/brillen-boutique.lu\/wordpress\/index.php\/impressum\/","og_site_name":"Brillen Boutique","article_publisher":"https:\/\/www.facebook.com\/BrillenBoutique.lu","article_modified_time":"2025-03-27T16:37:19+00:00","og_image":[{"width":2652,"height":923,"url":"https:\/\/brillen-boutique.lu\/wordpress\/wp-content\/uploads\/2022\/11\/BrillenBoutique_white_PNG.png","type":"image\/png"}],"twitter_card":"summary_large_image","twitter_misc":{"Gesch\u00e4tzte Lesezeit":"5\u00a0Minuten"},"schema":{"@context":"https:\/\/schema.org","@graph":[{"@type":"WebPage","@id":"https:\/\/brillen-boutique.lu\/wordpress\/index.php\/impressum\/","url":"https:\/\/brillen-boutique.lu\/wordpress\/index.php\/impressum\/","name":"Impressum - Brillen Boutique","isPartOf":{"@id":"https:\/\/brillen-boutique.lu\/wordpress\/#website"},"primaryImageOfPage":{"@id":"https:\/\/brillen-boutique.lu\/wordpress\/index.php\/impressum\/#primaryimage"},"image":{"@id":"https:\/\/brillen-boutique.lu\/wordpress\/index.php\/impressum\/#primaryimage"},"thumbnailUrl":"https:\/\/brillen-boutique.lu\/wordpress\/wp-content\/uploads\/2022\/11\/BrillenBoutique_white_PNG-300x104.png","datePublished":"2022-07-20T06:20:03+00:00","dateModified":"2025-03-27T16:37:19+00:00","breadcrumb":{"@id":"https:\/\/brillen-boutique.lu\/wordpress\/index.php\/impressum\/#breadcrumb"},"inLanguage":"de","potentialAction":[{"@type":"ReadAction","target":["https:\/\/brillen-boutique.lu\/wordpress\/index.php\/impressum\/"]}]},{"@type":"ImageObject","inLanguage":"de","@id":"https:\/\/brillen-boutique.lu\/wordpress\/index.php\/impressum\/#primaryimage","url":"https:\/\/brillen-boutique.lu\/wordpress\/wp-content\/uploads\/2022\/11\/BrillenBoutique_white_PNG.png","contentUrl":"https:\/\/brillen-boutique.lu\/wordpress\/wp-content\/uploads\/2022\/11\/BrillenBoutique_white_PNG.png","width":2652,"height":923},{"@type":"BreadcrumbList","@id":"https:\/\/brillen-boutique.lu\/wordpress\/index.php\/impressum\/#breadcrumb","itemListElement":[{"@type":"ListItem","position":1,"name":"Startseite","item":"https:\/\/brillen-boutique.lu\/wordpress\/"},{"@type":"ListItem","position":2,"name":"Impressum"}]},{"@type":"WebSite","@id":"https:\/\/brillen-boutique.lu\/wordpress\/#website","url":"https:\/\/brillen-boutique.lu\/wordpress\/","name":"Brillen Boutique","description":"Pers\u00f6nlichkeit beginnt mit deiner Brille","publisher":{"@id":"https:\/\/brillen-boutique.lu\/wordpress\/#organization"},"potentialAction":[{"@type":"SearchAction","target":{"@type":"EntryPoint","urlTemplate":"https:\/\/brillen-boutique.lu\/wordpress\/?s={search_term_string}"},"query-input":{"@type":"PropertyValueSpecification","valueRequired":true,"valueName":"search_term_string"}}],"inLanguage":"de"},{"@type":"Organization","@id":"https:\/\/brillen-boutique.lu\/wordpress\/#organization","name":"Brillen Boutique","url":"https:\/\/brillen-boutique.lu\/wordpress\/","logo":{"@type":"ImageObject","inLanguage":"de","@id":"https:\/\/brillen-boutique.lu\/wordpress\/#\/schema\/logo\/image\/","url":"https:\/\/brillen-boutique.lu\/wordpress\/wp-content\/uploads\/2022\/07\/fav_icon.png","contentUrl":"https:\/\/brillen-boutique.lu\/wordpress\/wp-content\/uploads\/2022\/07\/fav_icon.png","width":800,"height":800,"caption":"Brillen Boutique"},"image":{"@id":"https:\/\/brillen-boutique.lu\/wordpress\/#\/schema\/logo\/image\/"},"sameAs":["https:\/\/www.facebook.com\/BrillenBoutique.lu","https:\/\/www.instagram.com\/brillen_boutique"]}]}},"featured_media_urls":[],"_links":{"self":[{"href":"https:\/\/brillen-boutique.lu\/wordpress\/index.php\/wp-json\/wp\/v2\/pages\/3","targetHints":{"allow":["GET"]}}],"collection":[{"href":"https:\/\/brillen-boutique.lu\/wordpress\/index.php\/wp-json\/wp\/v2\/pages"}],"about":[{"href":"https:\/\/brillen-boutique.lu\/wordpress\/index.php\/wp-json\/wp\/v2\/types\/page"}],"author":[{"embeddable":true,"href":"https:\/\/brillen-boutique.lu\/wordpress\/index.php\/wp-json\/wp\/v2\/users\/1"}],"replies":[{"embeddable":true,"href":"https:\/\/brillen-boutique.lu\/wordpress\/index.php\/wp-json\/wp\/v2\/comments?post=3"}],"version-history":[{"count":13,"href":"https:\/\/brillen-boutique.lu\/wordpress\/index.php\/wp-json\/wp\/v2\/pages\/3\/revisions"}],"predecessor-version":[{"id":1343,"href":"https:\/\/brillen-boutique.lu\/wordpress\/index.php\/wp-json\/wp\/v2\/pages\/3\/revisions\/1343"}],"wp:attachment":[{"href":"https:\/\/brillen-boutique.lu\/wordpress\/index.php\/wp-json\/wp\/v2\/media?parent=3"}],"curies":[{"name":"wp","href":"https:\/\/api.w.org\/{rel}","templated":true}]}}